
{"id":12167,"date":"2022-01-12T14:15:32","date_gmt":"2022-01-12T14:15:32","guid":{"rendered":"https:\/\/seysvastgoed.be\/a-propos-de-seys\/"},"modified":"2022-01-14T12:49:47","modified_gmt":"2022-01-14T12:49:47","slug":"a-propos-de-seys","status":"publish","type":"page","link":"https:\/\/seysvastgoed.be\/fr\/a-propos-de-seys","title":{"rendered":"\u00c0 propos de SEYS"},"content":{"rendered":"\t\t<div data-elementor-type=\"wp-page\" data-elementor-id=\"12167\" class=\"elementor elementor-12167 elementor-19\" data-elementor-post-type=\"page\">\n\t\t\t\t\t\t<section class=\"elementor-section elementor-top-section elementor-element elementor-element-38e02cc elementor-section-full_width container elementor-section-height-default elementor-section-height-default\" data-id=\"38e02cc\" data-element_type=\"section\" data-e-type=\"section\">\n\t\t\t\t\t\t<div class=\"elementor-container elementor-column-gap-default\">\n\t\t\t\t\t<div class=\"elementor-column elementor-col-50 elementor-top-column elementor-element elementor-element-18b0d36 col_1_zoek\" data-id=\"18b0d36\" data-element_type=\"column\" data-e-type=\"column\">\n\t\t\t<div class=\"elementor-widget-wrap elementor-element-populated\">\n\t\t\t\t\t\t<div class=\"elementor-element elementor-element-5907dcf elementor-widget elementor-widget-heading\" data-id=\"5907dcf\" data-element_type=\"widget\" data-e-type=\"widget\" data-widget_type=\"heading.default\">\n\t\t\t\t<div class=\"elementor-widget-container\">\n\t\t\t\t\t<h1 class=\"elementor-heading-title elementor-size-default\">\u00c0 propos de SEYS<\/h1>\t\t\t\t<\/div>\n\t\t\t\t<\/div>\n\t\t\t\t<div class=\"elementor-element elementor-element-8d1e4c4 daan_img dce_masking-none elementor-widget elementor-widget-image\" data-id=\"8d1e4c4\" data-element_type=\"widget\" data-e-type=\"widget\" data-widget_type=\"image.default\">\n\t\t\t\t<div class=\"elementor-widget-container\">\n\t\t\t\t\t\t\t\t\t\t\t\t\t\t\t<img fetchpriority=\"high\" decoding=\"async\" width=\"756\" height=\"756\" src=\"https:\/\/seysvastgoed.be\/wp-content\/uploads\/2021\/08\/daan.jpeg\" class=\"attachment-large size-large wp-image-9934\" alt=\"\" srcset=\"https:\/\/seysvastgoed.be\/wp-content\/uploads\/2021\/08\/daan.jpeg 756w, https:\/\/seysvastgoed.be\/wp-content\/uploads\/2021\/08\/daan-300x300.jpeg 300w, https:\/\/seysvastgoed.be\/wp-content\/uploads\/2021\/08\/daan-150x150.jpeg 150w\" sizes=\"(max-width: 756px) 100vw, 756px\" \/>\t\t\t\t\t\t\t\t\t\t\t\t\t\t\t<\/div>\n\t\t\t\t<\/div>\n\t\t\t\t\t<\/div>\n\t\t<\/div>\n\t\t\t\t<div class=\"elementor-column elementor-col-50 elementor-top-column elementor-element elementor-element-768a0e1 col_2_zoek\" data-id=\"768a0e1\" data-element_type=\"column\" data-e-type=\"column\">\n\t\t\t<div class=\"elementor-widget-wrap elementor-element-populated\">\n\t\t\t\t\t\t<div class=\"elementor-element elementor-element-f0b4296 elementor-widget elementor-widget-text-editor\" data-id=\"f0b4296\" data-element_type=\"widget\" data-e-type=\"widget\" data-widget_type=\"text-editor.default\">\n\t\t\t\t<div class=\"elementor-widget-container\">\n\t\t\t\t\t\t\t\t\t<p>SEYS Immobilier est le sp\u00e9cialiste de la vente de biens immobiliers r\u00e9sidentiels et de r\u00e9sidences secondaires \u00e0 la c\u00f4te. Dites-nous pr\u00e9cis\u00e9ment ce que vous recherchez et nous vous aiderons \u00e0 trouver l\u2019habitation de vos r\u00eaves.<\/p>\n\t\t\t\t\t\t\t\t<\/div>\n\t\t\t\t<\/div>\n\t\t\t\t<div class=\"elementor-element elementor-element-324a7ec elementor-widget elementor-widget-text-editor\" data-id=\"324a7ec\" data-element_type=\"widget\" data-e-type=\"widget\" data-widget_type=\"text-editor.default\">\n\t\t\t\t<div class=\"elementor-widget-container\">\n\t\t\t\t\t\t\t\t\t<p>La cr\u00e9ation de SEYS Immobilier repose sur deux piliers\u00a0: d\u2019une part, proposer aux familles un nouveau foyer dans l\u2019arri\u00e8re-pays. D\u2019autre part, proposer une large offre de secondes r\u00e9sidences. Ces deux piliers sont \u00e0 l\u2019origine de la cr\u00e9ation de SEYS Immobilier.<\/p>\n<p>Chez SEYS Immobilier, vous \u00eates \u00e0 la bonne adresse, que vous soyez une famille recompos\u00e9e ou sur le point de s\u2019agrandir, en qu\u00eate d\u2019une habitation plus spacieuse ou au contraire plus petite, que vous souhaitiez vous rapprocher de votre lieu de travail\u2026 Nous disposons d\u2019une excellente vue d\u2019ensemble de l\u2019offre disponible et nous faisons un plaisir de vous aider \u00e0 trouver l\u2019habitation id\u00e9ale.<\/p>\n<p>Nous voulons aussi proposer \u00e0 notre client\u00e8le des biens immobiliers de qualit\u00e9 \u00e0 la c\u00f4te (de La Panne \u00e0 Ostende). Notre engagement\u00a0? Trouver la r\u00e9sidence secondaire id\u00e9ale pour chaque client. Nous disposons d\u2019une grande expertise dans la vente d\u2019appartements de vacances. Autrement dit, dans le segment des loisirs. En concertation avec nos clients, nous cherchons la station baln\u00e9aire qui correspond le mieux \u00e0 leurs souhaits. Certains h\u00e9sitent entre l\u2019ouest du littoral et Ostende, deux r\u00e9gions qui pr\u00e9sentent des atouts uniques. Nous mettons \u00e0 profit notre connaissance \u00e9toff\u00e9e du terrain pour trouver ensemble le bien id\u00e9al, qui r\u00e9pond le mieux \u00e0 vos besoins.<\/p>\n\t\t\t\t\t\t\t\t<\/div>\n\t\t\t\t<\/div>\n\t\t\t\t\t<\/div>\n\t\t<\/div>\n\t\t\t\t\t<\/div>\n\t\t<\/section>\n\t\t\t\t<section class=\"elementor-section elementor-top-section elementor-element elementor-element-62006b3 container elementor-section-boxed elementor-section-height-default elementor-section-height-default\" data-id=\"62006b3\" data-element_type=\"section\" data-e-type=\"section\">\n\t\t\t\t\t\t<div class=\"elementor-container elementor-column-gap-default\">\n\t\t\t\t\t<div class=\"elementor-column elementor-col-100 elementor-top-column elementor-element elementor-element-914f716\" data-id=\"914f716\" data-element_type=\"column\" data-e-type=\"column\">\n\t\t\t<div class=\"elementor-widget-wrap elementor-element-populated\">\n\t\t\t\t\t\t<div class=\"elementor-element elementor-element-1f338b84 elementor-widget elementor-widget-heading\" data-id=\"1f338b84\" data-element_type=\"widget\" data-e-type=\"widget\" data-widget_type=\"heading.default\">\n\t\t\t\t<div class=\"elementor-widget-container\">\n\t\t\t\t\t<h2 class=\"elementor-heading-title elementor-size-default\">Avis de nos clients<\/h2>\t\t\t\t<\/div>\n\t\t\t\t<\/div>\n\t\t\t\t\t<\/div>\n\t\t<\/div>\n\t\t\t\t\t<\/div>\n\t\t<\/section>\n\t\t\t\t<section class=\"elementor-section elementor-top-section elementor-element elementor-element-ebefed7 elementor-section-full_width container persona elementor-reverse-tablet elementor-reverse-mobile elementor-section-height-default elementor-section-height-default\" data-id=\"ebefed7\" data-element_type=\"section\" data-e-type=\"section\" data-settings=\"{&quot;background_background&quot;:&quot;classic&quot;}\">\n\t\t\t\t\t\t\t<div class=\"elementor-background-overlay\"><\/div>\n\t\t\t\t\t\t\t<div class=\"elementor-container elementor-column-gap-default\">\n\t\t\t\t\t<div data-dce-background-color=\"#00000008\" class=\"elementor-column elementor-col-50 elementor-top-column elementor-element elementor-element-66ec198\" data-id=\"66ec198\" data-element_type=\"column\" data-e-type=\"column\" data-settings=\"{&quot;background_background&quot;:&quot;classic&quot;}\">\n\t\t\t<div class=\"elementor-widget-wrap elementor-element-populated\">\n\t\t\t\t\t\t<div class=\"elementor-element elementor-element-8284501 elementor-widget elementor-widget-heading\" data-id=\"8284501\" data-element_type=\"widget\" data-e-type=\"widget\" data-widget_type=\"heading.default\">\n\t\t\t\t<div class=\"elementor-widget-container\">\n\t\t\t\t\t<h2 class=\"elementor-heading-title elementor-size-default\">Jeunes couples<\/h2>\t\t\t\t<\/div>\n\t\t\t\t<\/div>\n\t\t\t\t<div class=\"elementor-element elementor-element-1e2de0c dce_masking-none elementor-widget elementor-widget-image\" data-id=\"1e2de0c\" data-element_type=\"widget\" data-e-type=\"widget\" data-widget_type=\"image.default\">\n\t\t\t\t<div class=\"elementor-widget-container\">\n\t\t\t\t\t\t\t\t\t\t\t\t\t\t\t<img decoding=\"async\" width=\"170\" height=\"52\" src=\"https:\/\/seysvastgoed.be\/wp-content\/uploads\/2022\/01\/Star-Rating-1.png\" class=\"attachment-medium size-medium wp-image-12337\" alt=\"\" \/>\t\t\t\t\t\t\t\t\t\t\t\t\t\t\t<\/div>\n\t\t\t\t<\/div>\n\t\t\t\t<div class=\"elementor-element elementor-element-45dc9e3 no_m_b elementor-widget elementor-widget-text-editor\" data-id=\"45dc9e3\" data-element_type=\"widget\" data-e-type=\"widget\" data-widget_type=\"text-editor.default\">\n\t\t\t\t<div class=\"elementor-widget-container\">\n\t\t\t\t\t\t\t\t\t<p>Nous nous sentions \u00e0 l\u2019\u00e9troit et avions envie de nous installer dans une <strong>habitation plus spacieuse<\/strong>. Nous avons \u00e9t\u00e9 contact\u00e9s par un grand nombre d\u2019agences immobili\u00e8res, mais notre choix s\u2019est finalement port\u00e9 sur SEYS Immobilier. Une agence de la r\u00e9gion avec un fort ancrage local. Nous avons ainsi <strong>\u00e9pargn\u00e9 bien des soucis<\/strong>, sans compter que <strong>la vente s\u2019est rapidement conclue<\/strong>. Nous recommandons vivement SEYS Immobilier.<\/p>\n<p><strong>\u2013 Jessica et Dirk\u00a0Vanwechelt<\/strong><\/p>\n\t\t\t\t\t\t\t\t<\/div>\n\t\t\t\t<\/div>\n\t\t\t\t\t<\/div>\n\t\t<\/div>\n\t\t\t\t<div class=\"elementor-column elementor-col-50 elementor-top-column elementor-element elementor-element-9f56ac0 cta_col woon\" data-id=\"9f56ac0\" data-element_type=\"column\" data-e-type=\"column\">\n\t\t\t<div class=\"elementor-widget-wrap elementor-element-populated\">\n\t\t\t\t\t\t<div class=\"elementor-element elementor-element-5721031 ref_img dce_masking-none elementor-widget elementor-widget-image\" data-id=\"5721031\" data-element_type=\"widget\" data-e-type=\"widget\" data-widget_type=\"image.default\">\n\t\t\t\t<div class=\"elementor-widget-container\">\n\t\t\t\t\t\t\t\t\t\t\t\t\t\t\t<img decoding=\"async\" width=\"800\" height=\"800\" src=\"https:\/\/seysvastgoed.be\/wp-content\/uploads\/2021\/09\/starters2-1024x1024.webp\" class=\"attachment-large size-large wp-image-10019\" alt=\"\" srcset=\"https:\/\/seysvastgoed.be\/wp-content\/uploads\/2021\/09\/starters2-1024x1024.webp 1024w, https:\/\/seysvastgoed.be\/wp-content\/uploads\/2021\/09\/starters2-300x300.webp 300w, https:\/\/seysvastgoed.be\/wp-content\/uploads\/2021\/09\/starters2-150x150.webp 150w, https:\/\/seysvastgoed.be\/wp-content\/uploads\/2021\/09\/starters2-768x768.webp 768w, https:\/\/seysvastgoed.be\/wp-content\/uploads\/2021\/09\/starters2-1536x1536.webp 1536w, https:\/\/seysvastgoed.be\/wp-content\/uploads\/2021\/09\/starters2-2048x2048.webp 2048w\" sizes=\"(max-width: 800px) 100vw, 800px\" \/>\t\t\t\t\t\t\t\t\t\t\t\t\t\t\t<\/div>\n\t\t\t\t<\/div>\n\t\t\t\t\t<\/div>\n\t\t<\/div>\n\t\t\t\t\t<\/div>\n\t\t<\/section>\n\t\t\t\t<section class=\"elementor-section elementor-top-section elementor-element elementor-element-2ba392e elementor-section-full_width container persona_2 elementor-section-height-default elementor-section-height-default\" data-id=\"2ba392e\" data-element_type=\"section\" data-e-type=\"section\" data-settings=\"{&quot;background_background&quot;:&quot;classic&quot;}\">\n\t\t\t\t\t\t\t<div class=\"elementor-background-overlay\"><\/div>\n\t\t\t\t\t\t\t<div class=\"elementor-container elementor-column-gap-default\">\n\t\t\t\t\t<div class=\"elementor-column elementor-col-50 elementor-top-column elementor-element elementor-element-de00e14 cta_col_r kust\" data-id=\"de00e14\" data-element_type=\"column\" data-e-type=\"column\">\n\t\t\t<div class=\"elementor-widget-wrap elementor-element-populated\">\n\t\t\t\t\t\t<div class=\"elementor-element elementor-element-80c02ce ref_img_2 dce_masking-none elementor-widget elementor-widget-image\" data-id=\"80c02ce\" data-element_type=\"widget\" data-e-type=\"widget\" data-widget_type=\"image.default\">\n\t\t\t\t<div class=\"elementor-widget-container\">\n\t\t\t\t\t\t\t\t\t\t\t\t\t\t\t<img loading=\"lazy\" decoding=\"async\" width=\"800\" height=\"800\" src=\"https:\/\/seysvastgoed.be\/wp-content\/uploads\/2021\/09\/tweede-verblijvers-1024x1024.webp\" class=\"attachment-large size-large wp-image-10020\" alt=\"\" srcset=\"https:\/\/seysvastgoed.be\/wp-content\/uploads\/2021\/09\/tweede-verblijvers-1024x1024.webp 1024w, https:\/\/seysvastgoed.be\/wp-content\/uploads\/2021\/09\/tweede-verblijvers-300x300.webp 300w, https:\/\/seysvastgoed.be\/wp-content\/uploads\/2021\/09\/tweede-verblijvers-150x150.webp 150w, https:\/\/seysvastgoed.be\/wp-content\/uploads\/2021\/09\/tweede-verblijvers-768x768.webp 768w, https:\/\/seysvastgoed.be\/wp-content\/uploads\/2021\/09\/tweede-verblijvers-1536x1536.webp 1536w, https:\/\/seysvastgoed.be\/wp-content\/uploads\/2021\/09\/tweede-verblijvers-2048x2048.webp 2048w\" sizes=\"(max-width: 800px) 100vw, 800px\" \/>\t\t\t\t\t\t\t\t\t\t\t\t\t\t\t<\/div>\n\t\t\t\t<\/div>\n\t\t\t\t\t<\/div>\n\t\t<\/div>\n\t\t\t\t<div data-dce-background-color=\"#00000008\" class=\"elementor-column elementor-col-50 elementor-top-column elementor-element elementor-element-824e57b\" data-id=\"824e57b\" data-element_type=\"column\" data-e-type=\"column\" data-settings=\"{&quot;background_background&quot;:&quot;classic&quot;}\">\n\t\t\t<div class=\"elementor-widget-wrap elementor-element-populated\">\n\t\t\t\t\t\t<div class=\"elementor-element elementor-element-958aad2 elementor-widget elementor-widget-heading\" data-id=\"958aad2\" data-element_type=\"widget\" data-e-type=\"widget\" data-widget_type=\"heading.default\">\n\t\t\t\t<div class=\"elementor-widget-container\">\n\t\t\t\t\t<h2 class=\"elementor-heading-title elementor-size-default\">R\u00e9sidences secondaires<\/h2>\t\t\t\t<\/div>\n\t\t\t\t<\/div>\n\t\t\t\t<div class=\"elementor-element elementor-element-4a5694d dce_masking-none elementor-widget elementor-widget-image\" data-id=\"4a5694d\" data-element_type=\"widget\" data-e-type=\"widget\" data-widget_type=\"image.default\">\n\t\t\t\t<div class=\"elementor-widget-container\">\n\t\t\t\t\t\t\t\t\t\t\t\t\t\t\t<img loading=\"lazy\" decoding=\"async\" width=\"170\" height=\"60\" src=\"https:\/\/seysvastgoed.be\/wp-content\/uploads\/2022\/01\/Four-stars.png\" class=\"attachment-medium size-medium wp-image-12340\" alt=\"\" \/>\t\t\t\t\t\t\t\t\t\t\t\t\t\t\t<\/div>\n\t\t\t\t<\/div>\n\t\t\t\t<div class=\"elementor-element elementor-element-6b50d56 no_m_b  elementor-widget elementor-widget-text-editor\" data-id=\"6b50d56\" data-element_type=\"widget\" data-e-type=\"widget\" data-widget_type=\"text-editor.default\">\n\t\t\t\t<div class=\"elementor-widget-container\">\n\t\t\t\t\t\t\t\t\t<p>L\u2019\u00e2ge avan\u00e7ant, nous nous sommes d\u00e9cid\u00e9s \u00e0 vendre notre r\u00e9sidence secondaire. Une d\u00e9cision difficile, car nous y avons pass\u00e9 tant de bons moments. Gr\u00e2ce \u00e0 SEYS Immobilier, nous avons <strong>bien vendu<\/strong> notre seconde r\u00e9sidence. Nous avons <strong>travaill\u00e9 dur<\/strong> pour l\u2019acqu\u00e9rir. Comme nous habitons \u00e0 deux heures de route de la c\u00f4te, il \u00e9tait pr\u00e9f\u00e9rable de passer par un agent. Nous conseillons cette agence \u00e0 tous ceux qui veulent vendre <strong>en toute s\u00e9r\u00e9nit\u00e9<\/strong>.<\/p>\n<p><strong>\u2013 Jef et Maria\u00a0Vanrunselt<\/strong><\/p>\n\t\t\t\t\t\t\t\t<\/div>\n\t\t\t\t<\/div>\n\t\t\t\t\t<\/div>\n\t\t<\/div>\n\t\t\t\t\t<\/div>\n\t\t<\/section>\n\t\t\t\t<section class=\"elementor-section elementor-top-section elementor-element elementor-element-8603c1e elementor-section-full_width container persona elementor-reverse-tablet elementor-reverse-mobile elementor-section-height-default elementor-section-height-default\" data-id=\"8603c1e\" data-element_type=\"section\" data-e-type=\"section\" data-settings=\"{&quot;background_background&quot;:&quot;classic&quot;}\">\n\t\t\t\t\t\t\t<div class=\"elementor-background-overlay\"><\/div>\n\t\t\t\t\t\t\t<div class=\"elementor-container elementor-column-gap-default\">\n\t\t\t\t\t<div data-dce-background-color=\"#00000008\" class=\"elementor-column elementor-col-50 elementor-top-column elementor-element elementor-element-ccfa016\" data-id=\"ccfa016\" data-element_type=\"column\" data-e-type=\"column\" data-settings=\"{&quot;background_background&quot;:&quot;classic&quot;}\">\n\t\t\t<div class=\"elementor-widget-wrap elementor-element-populated\">\n\t\t\t\t\t\t<div class=\"elementor-element elementor-element-14425cb elementor-widget elementor-widget-heading\" data-id=\"14425cb\" data-element_type=\"widget\" data-e-type=\"widget\" data-widget_type=\"heading.default\">\n\t\t\t\t<div class=\"elementor-widget-container\">\n\t\t\t\t\t<h2 class=\"elementor-heading-title elementor-size-default\">Entrepreneurs<\/h2>\t\t\t\t<\/div>\n\t\t\t\t<\/div>\n\t\t\t\t<div class=\"elementor-element elementor-element-3007b30 dce_masking-none elementor-widget elementor-widget-image\" data-id=\"3007b30\" data-element_type=\"widget\" data-e-type=\"widget\" data-widget_type=\"image.default\">\n\t\t\t\t<div class=\"elementor-widget-container\">\n\t\t\t\t\t\t\t\t\t\t\t\t\t\t\t<img loading=\"lazy\" decoding=\"async\" width=\"170\" height=\"60\" src=\"https:\/\/seysvastgoed.be\/wp-content\/uploads\/2022\/01\/Five-stars.png\" class=\"attachment-medium size-medium wp-image-12345\" alt=\"\" \/>\t\t\t\t\t\t\t\t\t\t\t\t\t\t\t<\/div>\n\t\t\t\t<\/div>\n\t\t\t\t<div class=\"elementor-element elementor-element-d917684 no_m_b elementor-widget elementor-widget-text-editor\" data-id=\"d917684\" data-element_type=\"widget\" data-e-type=\"widget\" data-widget_type=\"text-editor.default\">\n\t\t\t\t<div class=\"elementor-widget-container\">\n\t\t\t\t\t\t\t\t\t<p>Il y a des ann\u00e9es, nous avons achet\u00e9 un premier bien \u00e0 titre d\u2019<strong>investissement<\/strong>. Nous pensions d\u2019abord le vendre nous-m\u00eames. <strong>Nous n\u2019\u00e9tions pas press\u00e9s.<\/strong> C\u2019est alors que nous avons d\u00e9couvert SEYS Immobilier et l\u2019approche tr\u00e8s professionnelle de Daan. Avec le recul, nous nous f\u00e9licitons de lui avoir fait confiance. Son expertise et son vaste r\u00e9seau nous ont permis de trouver facilement un acqu\u00e9reur. Merci, Daan\u00a0!<\/p>\n<p><strong>\u2013 Isabelle et Anton\u00a0Keerbergen<\/strong><\/p>\n\t\t\t\t\t\t\t\t<\/div>\n\t\t\t\t<\/div>\n\t\t\t\t\t<\/div>\n\t\t<\/div>\n\t\t\t\t<div class=\"elementor-column elementor-col-50 elementor-top-column elementor-element elementor-element-c9fc23f cta_col  woon\" data-id=\"c9fc23f\" data-element_type=\"column\" data-e-type=\"column\">\n\t\t\t<div class=\"elementor-widget-wrap elementor-element-populated\">\n\t\t\t\t\t\t<div class=\"elementor-element elementor-element-b51d214 ref_img dce_masking-none elementor-widget elementor-widget-image\" data-id=\"b51d214\" data-element_type=\"widget\" data-e-type=\"widget\" data-widget_type=\"image.default\">\n\t\t\t\t<div class=\"elementor-widget-container\">\n\t\t\t\t\t\t\t\t\t\t\t\t\t\t\t<img loading=\"lazy\" decoding=\"async\" width=\"653\" height=\"653\" src=\"https:\/\/seysvastgoed.be\/wp-content\/uploads\/2021\/09\/customer3.webp\" class=\"attachment-large size-large wp-image-10012\" alt=\"\" srcset=\"https:\/\/seysvastgoed.be\/wp-content\/uploads\/2021\/09\/customer3.webp 653w, https:\/\/seysvastgoed.be\/wp-content\/uploads\/2021\/09\/customer3-300x300.webp 300w, https:\/\/seysvastgoed.be\/wp-content\/uploads\/2021\/09\/customer3-150x150.webp 150w\" sizes=\"(max-width: 653px) 100vw, 653px\" \/>\t\t\t\t\t\t\t\t\t\t\t\t\t\t\t<\/div>\n\t\t\t\t<\/div>\n\t\t\t\t\t<\/div>\n\t\t<\/div>\n\t\t\t\t\t<\/div>\n\t\t<\/section>\n\t\t\t\t<section class=\"elementor-section elementor-top-section elementor-element elementor-element-beb8a94 elementor-section-full_width elementor-section-height-default elementor-section-height-default\" data-id=\"beb8a94\" data-element_type=\"section\" data-e-type=\"section\">\n\t\t\t\t\t\t<div class=\"elementor-container elementor-column-gap-default\">\n\t\t\t\t\t<div class=\"elementor-column elementor-col-100 elementor-top-column elementor-element elementor-element-fddb10d\" data-id=\"fddb10d\" data-element_type=\"column\" data-e-type=\"column\">\n\t\t\t<div class=\"elementor-widget-wrap elementor-element-populated\">\n\t\t\t\t\t\t<div class=\"elementor-element elementor-element-f787c16 elementor-widget elementor-widget-shortcode\" data-id=\"f787c16\" data-element_type=\"widget\" data-e-type=\"widget\" data-widget_type=\"shortcode.default\">\n\t\t\t\t<div class=\"elementor-widget-container\">\n\t\t\t\t\t\t\t<div class=\"elementor-shortcode\">\t\t<div data-elementor-type=\"section\" data-elementor-id=\"12225\" class=\"elementor elementor-12225\" data-elementor-post-type=\"elementor_library\">\n\t\t\t\t\t<section class=\"elementor-section elementor-top-section elementor-element elementor-element-195128c elementor-section-full_width elementor-section-height-default elementor-section-height-default\" data-id=\"195128c\" data-element_type=\"section\" data-e-type=\"section\" data-settings=\"{&quot;sticky&quot;:&quot;bottom&quot;,&quot;sticky_on&quot;:[&quot;desktop&quot;,&quot;tablet&quot;,&quot;mobile&quot;],&quot;sticky_offset&quot;:0,&quot;sticky_effects_offset&quot;:0,&quot;sticky_anchor_link_offset&quot;:0}\">\n\t\t\t\t\t\t<div class=\"elementor-container elementor-column-gap-default\">\n\t\t\t\t\t<div class=\"elementor-column elementor-col-100 elementor-top-column elementor-element elementor-element-b591977\" data-id=\"b591977\" data-element_type=\"column\" data-e-type=\"column\">\n\t\t\t<div class=\"elementor-widget-wrap elementor-element-populated\">\n\t\t\t\t\t\t<div class=\"elementor-element elementor-element-bc9d1c2 elementor-mobile-align-left footer_button elementor-widget-mobile__width-inherit elementor-align-right elementor-widget elementor-widget-button\" data-id=\"bc9d1c2\" data-element_type=\"widget\" data-e-type=\"widget\" data-widget_type=\"button.default\">\n\t\t\t\t<div class=\"elementor-widget-container\">\n\t\t\t\t\t\t\t\t\t<div class=\"elementor-button-wrapper\">\n\t\t\t\t\t<a class=\"elementor-button elementor-button-link elementor-size-sm\" href=\"\/fr\/calculer-la-valeur\/\">\n\t\t\t\t\t\t<span class=\"elementor-button-content-wrapper\">\n\t\t\t\t\t\t\t\t\t<span class=\"elementor-button-text\">Estimation gratuite<\/span>\n\t\t\t\t\t<\/span>\n\t\t\t\t\t<\/a>\n\t\t\t\t<\/div>\n\t\t\t\t\t\t\t\t<\/div>\n\t\t\t\t<\/div>\n\t\t\t\t<div class=\"elementor-element elementor-element-a4b3a95 elementor-mobile-align-center footer_button elementor-widget-mobile__width-auto elementor-align-right elementor-widget__width-auto elementor-absolute elementor-widget elementor-widget-button\" data-id=\"a4b3a95\" data-element_type=\"widget\" data-e-type=\"widget\" data-settings=\"{&quot;_position&quot;:&quot;absolute&quot;}\" data-widget_type=\"button.default\">\n\t\t\t\t<div class=\"elementor-widget-container\">\n\t\t\t\t\t\t\t\t\t<div class=\"elementor-button-wrapper\">\n\t\t\t\t\t<a class=\"elementor-button elementor-button-link elementor-size-sm\" href=\"\/fr\/dites-nous-ce-que-vous-recherchez\/\">\n\t\t\t\t\t\t<span class=\"elementor-button-content-wrapper\">\n\t\t\t\t\t\t\t\t\t<span class=\"elementor-button-text\"> Dites-nous ce que vous cherchez<\/span>\n\t\t\t\t\t<\/span>\n\t\t\t\t\t<\/a>\n\t\t\t\t<\/div>\n\t\t\t\t\t\t\t\t<\/div>\n\t\t\t\t<\/div>\n\t\t\t\t\t<\/div>\n\t\t<\/div>\n\t\t\t\t\t<\/div>\n\t\t<\/section>\n\t\t\t\t<\/div>\n\t\t<\/div>\n\t\t\t\t\t\t<\/div>\n\t\t\t\t<\/div>\n\t\t\t\t\t<\/div>\n\t\t<\/div>\n\t\t\t\t\t<\/div>\n\t\t<\/section>\n\t\t\t\t<\/div>\n\t\t","protected":false},"excerpt":{"rendered":"<p>\u00c0 propos de SEYS SEYS Immobilier est le sp\u00e9cialiste de la vente de biens immobiliers r\u00e9sidentiels et de r\u00e9sidences secondaires \u00e0 la c\u00f4te. Dites-nous pr\u00e9cis\u00e9ment ce que vous recherchez et nous vous aiderons \u00e0 trouver l\u2019habitation de vos r\u00eaves. La cr\u00e9ation de SEYS Immobilier repose sur deux piliers\u00a0: d\u2019une part, proposer aux familles un nouveau [&hellip;]<\/p>\n","protected":false},"author":2,"featured_media":0,"parent":0,"menu_order":0,"comment_status":"closed","ping_status":"closed","template":"","meta":{"footnotes":""},"class_list":["post-12167","page","type-page","status-publish","hentry"],"yoast_head":"<!-- This site is optimized with the Yoast SEO plugin v26.9 - https:\/\/yoast.com\/product\/yoast-seo-wordpress\/ -->\n<title>\u00c0 propos de SEYS - Seys Vastgoed<\/title>\n<meta name=\"robots\" content=\"index, follow, max-snippet:-1, max-image-preview:large, max-video-preview:-1\" \/>\n<link rel=\"canonical\" href=\"https:\/\/seysvastgoed.be\/fr\/a-propos-de-seys\" \/>\n<meta property=\"og:locale\" content=\"fr_FR\" \/>\n<meta property=\"og:type\" content=\"article\" \/>\n<meta property=\"og:title\" content=\"\u00c0 propos de SEYS - Seys Vastgoed\" \/>\n<meta property=\"og:description\" content=\"\u00c0 propos de SEYS SEYS Immobilier est le sp\u00e9cialiste de la vente de biens immobiliers r\u00e9sidentiels et de r\u00e9sidences secondaires \u00e0 la c\u00f4te. Dites-nous pr\u00e9cis\u00e9ment ce que vous recherchez et nous vous aiderons \u00e0 trouver l\u2019habitation de vos r\u00eaves. La cr\u00e9ation de SEYS Immobilier repose sur deux piliers\u00a0: d\u2019une part, proposer aux familles un nouveau [&hellip;]\" \/>\n<meta property=\"og:url\" content=\"https:\/\/seysvastgoed.be\/fr\/a-propos-de-seys\" \/>\n<meta property=\"og:site_name\" content=\"Seys Vastgoed\" \/>\n<meta property=\"article:modified_time\" content=\"2022-01-14T12:49:47+00:00\" \/>\n<meta property=\"og:image\" content=\"https:\/\/seysvastgoed.be\/wp-content\/uploads\/2021\/08\/daan.jpeg\" \/>\n<meta name=\"twitter:card\" content=\"summary_large_image\" \/>\n<meta name=\"twitter:label1\" content=\"Dur\u00e9e de lecture estim\u00e9e\" \/>\n\t<meta name=\"twitter:data1\" content=\"3 minutes\" \/>\n<script type=\"application\/ld+json\" class=\"yoast-schema-graph\">{\"@context\":\"https:\/\/schema.org\",\"@graph\":[{\"@type\":\"WebPage\",\"@id\":\"https:\/\/seysvastgoed.be\/fr\/a-propos-de-seys\",\"url\":\"https:\/\/seysvastgoed.be\/fr\/a-propos-de-seys\",\"name\":\"\u00c0 propos de SEYS - Seys Vastgoed\",\"isPartOf\":{\"@id\":\"https:\/\/seysvastgoed.be\/#website\"},\"primaryImageOfPage\":{\"@id\":\"https:\/\/seysvastgoed.be\/fr\/a-propos-de-seys#primaryimage\"},\"image\":{\"@id\":\"https:\/\/seysvastgoed.be\/fr\/a-propos-de-seys#primaryimage\"},\"thumbnailUrl\":\"https:\/\/seysvastgoed.be\/wp-content\/uploads\/2021\/08\/daan.jpeg\",\"datePublished\":\"2022-01-12T14:15:32+00:00\",\"dateModified\":\"2022-01-14T12:49:47+00:00\",\"breadcrumb\":{\"@id\":\"https:\/\/seysvastgoed.be\/fr\/a-propos-de-seys#breadcrumb\"},\"inLanguage\":\"fr-FR\",\"potentialAction\":[{\"@type\":\"ReadAction\",\"target\":[\"https:\/\/seysvastgoed.be\/fr\/a-propos-de-seys\"]}]},{\"@type\":\"ImageObject\",\"inLanguage\":\"fr-FR\",\"@id\":\"https:\/\/seysvastgoed.be\/fr\/a-propos-de-seys#primaryimage\",\"url\":\"https:\/\/seysvastgoed.be\/wp-content\/uploads\/2021\/08\/daan.jpeg\",\"contentUrl\":\"https:\/\/seysvastgoed.be\/wp-content\/uploads\/2021\/08\/daan.jpeg\"},{\"@type\":\"BreadcrumbList\",\"@id\":\"https:\/\/seysvastgoed.be\/fr\/a-propos-de-seys#breadcrumb\",\"itemListElement\":[{\"@type\":\"ListItem\",\"position\":1,\"name\":\"Home\",\"item\":\"https:\/\/seysvastgoed.be\/\"},{\"@type\":\"ListItem\",\"position\":2,\"name\":\"\u00c0 propos de SEYS\"}]},{\"@type\":\"WebSite\",\"@id\":\"https:\/\/seysvastgoed.be\/#website\",\"url\":\"https:\/\/seysvastgoed.be\/\",\"name\":\"Seys Vastgoed\",\"description\":\"Vinden en verbinden\",\"publisher\":{\"@id\":\"https:\/\/seysvastgoed.be\/#organization\"},\"potentialAction\":[{\"@type\":\"SearchAction\",\"target\":{\"@type\":\"EntryPoint\",\"urlTemplate\":\"https:\/\/seysvastgoed.be\/?s={search_term_string}\"},\"query-input\":{\"@type\":\"PropertyValueSpecification\",\"valueRequired\":true,\"valueName\":\"search_term_string\"}}],\"inLanguage\":\"fr-FR\"},{\"@type\":\"Organization\",\"@id\":\"https:\/\/seysvastgoed.be\/#organization\",\"name\":\"Seys Vastgoed\",\"url\":\"https:\/\/seysvastgoed.be\/\",\"logo\":{\"@type\":\"ImageObject\",\"inLanguage\":\"fr-FR\",\"@id\":\"https:\/\/seysvastgoed.be\/#\/schema\/logo\/image\/\",\"url\":\"https:\/\/seysvastgoed.be\/wp-content\/uploads\/2021\/08\/Seys_Vastgoed-01.svg\",\"contentUrl\":\"https:\/\/seysvastgoed.be\/wp-content\/uploads\/2021\/08\/Seys_Vastgoed-01.svg\",\"width\":709,\"height\":167,\"caption\":\"Seys Vastgoed\"},\"image\":{\"@id\":\"https:\/\/seysvastgoed.be\/#\/schema\/logo\/image\/\"}}]}<\/script>\n<!-- \/ Yoast SEO plugin. -->","yoast_head_json":{"title":"\u00c0 propos de SEYS - Seys Vastgoed","robots":{"index":"index","follow":"follow","max-snippet":"max-snippet:-1","max-image-preview":"max-image-preview:large","max-video-preview":"max-video-preview:-1"},"canonical":"https:\/\/seysvastgoed.be\/fr\/a-propos-de-seys","og_locale":"fr_FR","og_type":"article","og_title":"\u00c0 propos de SEYS - Seys Vastgoed","og_description":"\u00c0 propos de SEYS SEYS Immobilier est le sp\u00e9cialiste de la vente de biens immobiliers r\u00e9sidentiels et de r\u00e9sidences secondaires \u00e0 la c\u00f4te. Dites-nous pr\u00e9cis\u00e9ment ce que vous recherchez et nous vous aiderons \u00e0 trouver l\u2019habitation de vos r\u00eaves. La cr\u00e9ation de SEYS Immobilier repose sur deux piliers\u00a0: d\u2019une part, proposer aux familles un nouveau [&hellip;]","og_url":"https:\/\/seysvastgoed.be\/fr\/a-propos-de-seys","og_site_name":"Seys Vastgoed","article_modified_time":"2022-01-14T12:49:47+00:00","og_image":[{"url":"https:\/\/seysvastgoed.be\/wp-content\/uploads\/2021\/08\/daan.jpeg","type":"","width":"","height":""}],"twitter_card":"summary_large_image","twitter_misc":{"Dur\u00e9e de lecture estim\u00e9e":"3 minutes"},"schema":{"@context":"https:\/\/schema.org","@graph":[{"@type":"WebPage","@id":"https:\/\/seysvastgoed.be\/fr\/a-propos-de-seys","url":"https:\/\/seysvastgoed.be\/fr\/a-propos-de-seys","name":"\u00c0 propos de SEYS - Seys Vastgoed","isPartOf":{"@id":"https:\/\/seysvastgoed.be\/#website"},"primaryImageOfPage":{"@id":"https:\/\/seysvastgoed.be\/fr\/a-propos-de-seys#primaryimage"},"image":{"@id":"https:\/\/seysvastgoed.be\/fr\/a-propos-de-seys#primaryimage"},"thumbnailUrl":"https:\/\/seysvastgoed.be\/wp-content\/uploads\/2021\/08\/daan.jpeg","datePublished":"2022-01-12T14:15:32+00:00","dateModified":"2022-01-14T12:49:47+00:00","breadcrumb":{"@id":"https:\/\/seysvastgoed.be\/fr\/a-propos-de-seys#breadcrumb"},"inLanguage":"fr-FR","potentialAction":[{"@type":"ReadAction","target":["https:\/\/seysvastgoed.be\/fr\/a-propos-de-seys"]}]},{"@type":"ImageObject","inLanguage":"fr-FR","@id":"https:\/\/seysvastgoed.be\/fr\/a-propos-de-seys#primaryimage","url":"https:\/\/seysvastgoed.be\/wp-content\/uploads\/2021\/08\/daan.jpeg","contentUrl":"https:\/\/seysvastgoed.be\/wp-content\/uploads\/2021\/08\/daan.jpeg"},{"@type":"BreadcrumbList","@id":"https:\/\/seysvastgoed.be\/fr\/a-propos-de-seys#breadcrumb","itemListElement":[{"@type":"ListItem","position":1,"name":"Home","item":"https:\/\/seysvastgoed.be\/"},{"@type":"ListItem","position":2,"name":"\u00c0 propos de SEYS"}]},{"@type":"WebSite","@id":"https:\/\/seysvastgoed.be\/#website","url":"https:\/\/seysvastgoed.be\/","name":"Seys Vastgoed","description":"Vinden en verbinden","publisher":{"@id":"https:\/\/seysvastgoed.be\/#organization"},"potentialAction":[{"@type":"SearchAction","target":{"@type":"EntryPoint","urlTemplate":"https:\/\/seysvastgoed.be\/?s={search_term_string}"},"query-input":{"@type":"PropertyValueSpecification","valueRequired":true,"valueName":"search_term_string"}}],"inLanguage":"fr-FR"},{"@type":"Organization","@id":"https:\/\/seysvastgoed.be\/#organization","name":"Seys Vastgoed","url":"https:\/\/seysvastgoed.be\/","logo":{"@type":"ImageObject","inLanguage":"fr-FR","@id":"https:\/\/seysvastgoed.be\/#\/schema\/logo\/image\/","url":"https:\/\/seysvastgoed.be\/wp-content\/uploads\/2021\/08\/Seys_Vastgoed-01.svg","contentUrl":"https:\/\/seysvastgoed.be\/wp-content\/uploads\/2021\/08\/Seys_Vastgoed-01.svg","width":709,"height":167,"caption":"Seys Vastgoed"},"image":{"@id":"https:\/\/seysvastgoed.be\/#\/schema\/logo\/image\/"}}]}},"_links":{"self":[{"href":"https:\/\/seysvastgoed.be\/fr\/wp-json\/wp\/v2\/pages\/12167","targetHints":{"allow":["GET"]}}],"collection":[{"href":"https:\/\/seysvastgoed.be\/fr\/wp-json\/wp\/v2\/pages"}],"about":[{"href":"https:\/\/seysvastgoed.be\/fr\/wp-json\/wp\/v2\/types\/page"}],"author":[{"embeddable":true,"href":"https:\/\/seysvastgoed.be\/fr\/wp-json\/wp\/v2\/users\/2"}],"replies":[{"embeddable":true,"href":"https:\/\/seysvastgoed.be\/fr\/wp-json\/wp\/v2\/comments?post=12167"}],"version-history":[{"count":8,"href":"https:\/\/seysvastgoed.be\/fr\/wp-json\/wp\/v2\/pages\/12167\/revisions"}],"predecessor-version":[{"id":12349,"href":"https:\/\/seysvastgoed.be\/fr\/wp-json\/wp\/v2\/pages\/12167\/revisions\/12349"}],"wp:attachment":[{"href":"https:\/\/seysvastgoed.be\/fr\/wp-json\/wp\/v2\/media?parent=12167"}],"curies":[{"name":"wp","href":"https:\/\/api.w.org\/{rel}","templated":true}]}}